{"id":57345,"date":"2018-05-09T11:04:34","date_gmt":"2018-05-09T10:04:34","guid":{"rendered":" https:\/\/www.quartix.com\/?post_type=product_update&#038;p=57345"},"modified":"2022-04-05T12:28:00","modified_gmt":"2022-04-05T11:28:00","slug":"numeros-dimmatriculation-modifiable","status":"publish","type":"product_update","link":"https:\/\/www.quartix.com\/fr-fr\/actualites\/numeros-dimmatriculation-modifiable\/","title":{"rendered":"Num\u00e9ro d\u2019immatriculation modifiable"},"content":{"rendered":"\n<div class=\"wp-block-columns is-layout-flex wp-container-core-columns-is-layout-28f84493 wp-block-columns-is-layout-flex\">\n<div class=\"wp-block-column is-layout-flow wp-block-column-is-layout-flow\">\n<p>La modification du num\u00e9ro d\u2019immatriculation de votre v\u00e9hicule sur le syst\u00e8me Quartix ne n\u00e9cessite plus de passer par notre \u00e9quipe de support. Vous pouvez d\u00e9sormais modifier les num\u00e9ros d\u2019immatriculation de tous vos v\u00e9hicules vous-m\u00eame.<\/p>\n\n\n\n<ul class=\"wp-block-list\"><li>Connectez-vous sur l\u2019interface Quartix<\/li><li>Allez dans le menu Configuration<\/li><li>S\u00e9lectionnez \u00ab&nbsp;Modifier les param\u00e8tres standards du v\u00e9hicule&nbsp;\u00bb<\/li><li>Choisissez le groupe ou le v\u00e9hicule que vous souhaitez modifier<\/li><li>Corrigez le num\u00e9ro d\u2019immatriculation dans le champ appropri\u00e9 et actualisez.<\/li><\/ul>\n<\/div>\n\n\n\n<div class=\"wp-block-column is-layout-flow wp-block-column-is-layout-flow\">\n<figure class=\"wp-block-image size-full\"><img loading=\"lazy\" decoding=\"async\" width=\"768\" height=\"633\" src=\" https:\/\/www.quartix.com\/content\/uploads\/2018\/05\/FR-MAJ-Editable-registration_FR-1024x844-768x633-1.jpg\" alt=\"Vous pouvez d\u00e9sormais modifier les num\u00e9ros d\u2019immatriculation de tous vos v\u00e9hicules vous-m\u00eame directement depuis l'interface Quartix\" class=\"wp-image-57348\" srcset=\"https:\/\/www.quartix.com\/content\/uploads\/2018\/05\/FR-MAJ-Editable-registration_FR-1024x844-768x633-1.jpg 768w, https:\/\/www.quartix.com\/content\/uploads\/2018\/05\/FR-MAJ-Editable-registration_FR-1024x844-768x633-1-300x247.jpg 300w\" sizes=\"auto, (max-width: 768px) 100vw, 768px\" \/><\/figure>\n<\/div>\n<\/div>\n\n\n\n<p><a role=\"button\" href=\"\/fr-fr\/ressources\/actualites\/\"><br><\/a><\/p>\n","protected":false},"excerpt":{"rendered":"<p>La modification du num\u00e9ro d\u2019immatriculation de votre v\u00e9hicule sur le syst\u00e8me Quartix ne n\u00e9cessite plus de passer par notre \u00e9quipe de support. Vous pouvez d\u00e9sormais modifier les num\u00e9ros d\u2019immatriculation de tous vos v\u00e9hicules vous-m\u00eame. Connectez-vous sur l\u2019interface Quartix Allez dans le menu Configuration S\u00e9lectionnez \u00ab&nbsp;Modifier les param\u00e8tres standards du v\u00e9hicule&nbsp;\u00bb Choisissez le groupe ou le [&hellip;]<\/p>\n","protected":false},"featured_media":0,"template":"","class_list":["post-57345","product_update","type-product_update","status-publish","hentry"],"acf":[],"yoast_head":"<!-- This site is optimized with the Yoast SEO Premium plugin v27.3 (Yoast SEO v27.3) - https:\/\/yoast.com\/product\/yoast-seo-premium-wordpress\/ -->\n<title>Mise \u00e0 jour Clients : num\u00e9ro d&#039;immatriculation modifiable - FR<\/title>\n<meta name=\"description\" content=\"Quartix permet desormais \u00e0 ses clients de modifier eux-m\u00eame le num\u00e9ro d&#039;immatriculation de leurs v\u00e9hicules depuis l&#039;interface client.\" \/>\n<meta name=\"robots\" content=\"index, follow, max-snippet:-1, max-image-preview:large, max-video-preview:-1\" \/>\n<link rel=\"canonical\" href=\"https:\/\/www.quartix.com\/fr-fr\/actualites\/numeros-dimmatriculation-modifiable\/\" \/>\n<meta property=\"og:locale\" content=\"fr_FR\" \/>\n<meta property=\"og:type\" content=\"article\" \/>\n<meta property=\"og:title\" content=\"Num\u00e9ro d\u2019immatriculation modifiable\" \/>\n<meta property=\"og:description\" content=\"Quartix permet desormais \u00e0 ses clients de modifier eux-m\u00eame le num\u00e9ro d&#039;immatriculation de leurs v\u00e9hicules depuis l&#039;interface client.\" \/>\n<meta property=\"og:url\" content=\"https:\/\/www.quartix.com\/fr-fr\/actualites\/numeros-dimmatriculation-modifiable\/\" \/>\n<meta property=\"og:site_name\" content=\"Quartix\" \/>\n<meta property=\"article:publisher\" content=\"https:\/\/www.facebook.com\/Quartix-USA-374426386097401\/\" \/>\n<meta property=\"article:modified_time\" content=\"2022-04-05T11:28:00+00:00\" \/>\n<meta name=\"twitter:card\" content=\"summary_large_image\" \/>\n<meta name=\"twitter:site\" content=\"@QuartixUSA\" \/>\n<meta name=\"twitter:label1\" content=\"Est. reading time\" \/>\n\t<meta name=\"twitter:data1\" content=\"1 minute\" \/>\n<!-- \/ Yoast SEO Premium plugin. -->","yoast_head_json":{"title":"Mise \u00e0 jour Clients : num\u00e9ro d'immatriculation modifiable - FR","description":"Quartix permet desormais \u00e0 ses clients de modifier eux-m\u00eame le num\u00e9ro d'immatriculation de leurs v\u00e9hicules depuis l'interface client.","robots":{"index":"index","follow":"follow","max-snippet":"max-snippet:-1","max-image-preview":"max-image-preview:large","max-video-preview":"max-video-preview:-1"},"canonical":"https:\/\/www.quartix.com\/fr-fr\/actualites\/numeros-dimmatriculation-modifiable\/","og_locale":"fr_FR","og_type":"article","og_title":"Num\u00e9ro d\u2019immatriculation modifiable","og_description":"Quartix permet desormais \u00e0 ses clients de modifier eux-m\u00eame le num\u00e9ro d'immatriculation de leurs v\u00e9hicules depuis l'interface client.","og_url":"https:\/\/www.quartix.com\/fr-fr\/actualites\/numeros-dimmatriculation-modifiable\/","og_site_name":"Quartix","article_publisher":"https:\/\/www.facebook.com\/Quartix-USA-374426386097401\/","article_modified_time":"2022-04-05T11:28:00+00:00","twitter_card":"summary_large_image","twitter_site":"@QuartixUSA","twitter_misc":{"Est. reading time":"1 minute"},"schema":{"@context":"https:\/\/schema.org","@graph":[{"@type":"WebPage","@id":"https:\/\/www.quartix.com\/fr-fr\/actualites\/numeros-dimmatriculation-modifiable\/","url":"https:\/\/www.quartix.com\/fr-fr\/actualites\/numeros-dimmatriculation-modifiable\/","name":"Mise \u00e0 jour Clients : num\u00e9ro d'immatriculation modifiable","isPartOf":{"@id":"https:\/\/www.quartix.com\/fr-fr\/#website"},"datePublished":"2018-05-09T10:04:34+00:00","dateModified":"2022-04-05T11:28:00+00:00","description":"Quartix permet desormais \u00e0 ses clients de modifier eux-m\u00eame le num\u00e9ro d'immatriculation de leurs v\u00e9hicules depuis l'interface client.","breadcrumb":{"@id":"https:\/\/www.quartix.com\/fr-fr\/actualites\/numeros-dimmatriculation-modifiable\/#breadcrumb"},"inLanguage":"fr-FR","potentialAction":[{"@type":"ReadAction","target":["https:\/\/www.quartix.com\/fr-fr\/actualites\/numeros-dimmatriculation-modifiable\/"]}]},{"@type":"BreadcrumbList","@id":"https:\/\/www.quartix.com\/fr-fr\/actualites\/numeros-dimmatriculation-modifiable\/#breadcrumb","itemListElement":[{"@type":"ListItem","position":1,"name":"Accueil","item":"https:\/\/www.quartix.com\/fr-fr\/"},{"@type":"ListItem","position":2,"name":"Num\u00e9ro d\u2019immatriculation modifiable"}]},{"@type":"WebSite","@id":"https:\/\/www.quartix.com\/fr-fr\/#website","url":"https:\/\/www.quartix.com\/fr-fr\/","name":"Quartix","description":"Real-time vehicle tracking","publisher":{"@id":"https:\/\/www.quartix.com\/fr-fr\/#organization"},"potentialAction":[{"@type":"SearchAction","target":{"@type":"EntryPoint","urlTemplate":"https:\/\/www.quartix.com\/fr-fr\/?s={search_term_string}"},"query-input":{"@type":"PropertyValueSpecification","valueRequired":true,"valueName":"search_term_string"}}],"inLanguage":"fr-FR"},{"@type":"Organization","@id":"https:\/\/www.quartix.com\/fr-fr\/#organization","name":"Quartix","url":"https:\/\/www.quartix.com\/fr-fr\/","logo":{"@type":"ImageObject","inLanguage":"fr-FR","@id":"https:\/\/www.quartix.com\/fr-fr\/#\/schema\/logo\/image\/","url":"https:\/\/www.quartix.com\/content\/uploads\/2019\/02\/quartix-logo-eur.svg","contentUrl":"https:\/\/www.quartix.com\/content\/uploads\/2019\/02\/quartix-logo-eur.svg","width":1,"height":1,"caption":"Quartix"},"image":{"@id":"https:\/\/www.quartix.com\/fr-fr\/#\/schema\/logo\/image\/"},"sameAs":["https:\/\/www.facebook.com\/Quartix-USA-374426386097401\/","https:\/\/x.com\/QuartixUSA","https:\/\/www.linkedin.com\/company\/5346733\/","https:\/\/www.youtube.com\/channel\/UCzS-_GMfHF4kWiCheyIRrAQ"]}]}},"_links":{"self":[{"href":"https:\/\/www.quartix.com\/fr-fr\/wp-json\/wp\/v2\/product-updates\/57345","targetHints":{"allow":["GET"]}}],"collection":[{"href":"https:\/\/www.quartix.com\/fr-fr\/wp-json\/wp\/v2\/product-updates"}],"about":[{"href":"https:\/\/www.quartix.com\/fr-fr\/wp-json\/wp\/v2\/types\/product_update"}],"wp:attachment":[{"href":"https:\/\/www.quartix.com\/fr-fr\/wp-json\/wp\/v2\/media?parent=57345"}],"curies":[{"name":"wp","href":"https:\/\/api.w.org\/{rel}","templated":true}]}}